{"id":253,"date":"2016-05-23T10:30:12","date_gmt":"2016-05-23T08:30:12","guid":{"rendered":"http:\/\/test.kriesi.at\/enfold-health-coach\/?page_id=253"},"modified":"2025-08-20T10:51:53","modified_gmt":"2025-08-20T08:51:53","slug":"about","status":"publish","type":"page","link":"https:\/\/staging.elternwerkstatt-hamburg.de\/?page_id=253","title":{"rendered":"\u00dcber mich"},"content":{"rendered":"<p>[av_codeblock wrapper_element=&#8220; wrapper_element_attributes=&#8220; codeblock_type=&#8220; av_uid=&#8217;av-lvl15k88&#8242;]<br \/>\n<a style=\"position: fixed; z-index: 20000; top: 180px; right: 0; display: block; text-align: center; opacity: 0.85; background-color: #107aca; color: #ffffff; font-size: 14px; overflow: hidden; width: 100px; border-radius: 4px 0 0 4px; text-decoration: none; padding: 10px; line-height: 1.4;\" href=\"https:\/\/www.doctolib.de\/heilpraktiker-fur-psychotherapie\/hamburg\/kerstin-erl-hegel\" target=\"_blank\" rel=\"noopener noreferrer\"><span style=\"font-size: 14px;\">Termin<br \/>\nonline buchen<\/span><img decoding=\"async\" style=\"height: 15px; margin-top: 10px; vertical-align: middle; width: auto;\" src=\"https:\/\/www.doctolib.de\/external_button\/doctolib-white-transparent.png\" alt=\"Doctolib\" \/><\/a><br \/>\n[\/av_codeblock]<\/p>\n<p>[av_two_third first min_height=&#8220; vertical_alignment=&#8220; space=&#8220; custom_margin=&#8220; margin=&#8217;0px&#8216; row_boxshadow=&#8220; row_boxshadow_color=&#8220; row_boxshadow_width=&#8217;10&#8216; link=&#8220; linktarget=&#8220; link_hover=&#8220; padding=&#8217;0px&#8216; highlight=&#8220; highlight_size=&#8220; border=&#8220; border_color=&#8220; radius=&#8217;0px&#8216; column_boxshadow=&#8220; column_boxshadow_color=&#8220; column_boxshadow_width=&#8217;10&#8216; background=&#8217;bg_color&#8216; background_color=&#8220; background_gradient_color1=&#8220; background_gradient_color2=&#8220; background_gradient_direction=&#8217;vertical&#8216; src=&#8220; background_position=&#8217;top left&#8216; background_repeat=&#8217;no-repeat&#8216; animation=&#8220; mobile_breaking=&#8220; mobile_display=&#8220; av_uid=&#8217;av-e1ihx&#8216;]<br \/>\n[av_heading heading=&#8217;Kerstin Erl-Hegel&#8216; tag=&#8217;h1&#8242; link_apply=&#8220; link=&#8217;manually,http:\/\/&#8216; link_target=&#8220; style=&#8217;blockquote modern-quote&#8216; size=&#8217;70&#8216; subheading_active=&#8220; subheading_size=&#8217;15&#8216; margin=&#8220; padding=&#8217;30&#8216; color=&#8220; custom_font=&#8220; custom_class=&#8220; admin_preview_bg=&#8220; av-desktop-hide=&#8220; av-medium-hide=&#8220; av-small-hide=&#8220; av-mini-hide=&#8220; av-medium-font-size-title=&#8220; av-small-font-size-title=&#8220; av-mini-font-size-title=&#8220; av-medium-font-size=&#8220; av-small-font-size=&#8220; av-mini-font-size=&#8220; av_uid=&#8217;av-codz9&#8242;][\/av_heading]<\/p>\n<p>[av_textblock size=&#8220; font_color=&#8220; color=&#8220; av-medium-font-size=&#8220; av-small-font-size=&#8220; av-mini-font-size=&#8220; av_uid=&#8217;av-ailtp&#8216; admin_preview_bg=&#8220;]<\/p>\n<ul>\n<li>Jahrgang 1963, verheiratet zwei erwachsene S\u00f6hne<\/li>\n<li>Seit 2017 eigene Praxis, die ELTERNWERKSTATT HAMBURG, f\u00fcr Familien- und Paartherapie, Sexualberatung, Trauerbegleitung sowie Supervision und Weiterbildung<\/li>\n<li>Weiterbildungsleiterin f\u00fcr Psychodrama und Fachbereichsleitung f\u00fcr \u201eSoziale Arbeit\u201c beim Moreno Institut in Edenkoben\/ \u00dcberlingen<\/li>\n<li>Seit 2020 beim pme Familienservice Lebenslagen Coach und Supervisorin sowie f\u00fcr den GBI\/Bestattungen als Trauergruppenleiterin<\/li>\n<li>Referentin f\u00fcr Erziehung- und Paarthemen an Elternschulen, beim pme Familienservice, in Familienbildungsst\u00e4tten und beim Deutschen Kinderschutzbund e.V. sowie in Schulen<\/li>\n<li>Kursleiterin f\u00fcr \u201eStarke Eltern \u2013 Starke Kinder\u201c\u00ae des Deutschen Kinderschutzbundes<\/li>\n<li>Dipl. Sozialarbeiterin; Erfahrung in unterschiedlichen Feldern der Sozialarbeit: Drogennotdienst Berlin, 14 Jahre lang Leiterin der Elternschule Am Grindel, Netzwerkerin im Bezirksamt Eimsb\u00fcttel \/ Fachamt f\u00fcr Jugend- und Familienhilfe, Koordinatorin bei dem pro familia-Projekt: \u201eFachdialognetz f\u00fcr schwangere, gefl\u00fcchtete Frauen\u201c vom BMFSFJ<\/li>\n<\/ul>\n<p>[\/av_textblock]<\/p>\n<p>[av_heading heading=&#8217;Und&#8230;&#8216; tag=&#8217;h1&#8242; link_apply=&#8220; link=&#8217;manually,http:\/\/&#8216; link_target=&#8220; style=&#8217;blockquote modern-quote&#8216; size=&#8217;50&#8216; subheading_active=&#8220; subheading_size=&#8217;15&#8216; margin=&#8220; padding=&#8217;20&#8216; color=&#8220; custom_font=&#8220; custom_class=&#8220; admin_preview_bg=&#8220; av-desktop-hide=&#8220; av-medium-hide=&#8220; av-small-hide=&#8220; av-mini-hide=&#8220; av-medium-font-size-title=&#8220; av-small-font-size-title=&#8220; av-mini-font-size-title=&#8220; av-medium-font-size=&#8220; av-small-font-size=&#8220; av-mini-font-size=&#8220; av_uid=&#8217;av-7feql&#8216;][\/av_heading]<\/p>\n<p>[av_textblock size=&#8220; font_color=&#8220; color=&#8220; av-medium-font-size=&#8220; av-small-font-size=&#8220; av-mini-font-size=&#8220; av_uid=&#8217;av-57bg31&#8242; admin_preview_bg=&#8220;]<br \/>\n<b>Ich liebe Fischbr\u00f6tchen und die peruanischen Anden.<br \/>\n<\/b><b>Ich stehe auf Vielfalt und nicht auf AfD.<\/b><br \/>\n[\/av_textblock]<br \/>\n[\/av_two_third]<\/p>\n<p>[av_one_third min_height=&#8220; vertical_alignment=&#8220; space=&#8220; custom_margin=&#8220; margin=&#8217;0px&#8216; row_boxshadow=&#8220; row_boxshadow_color=&#8220; row_boxshadow_width=&#8217;10&#8216; link=&#8220; linktarget=&#8220; link_hover=&#8220; padding=&#8217;0px&#8216; highlight=&#8220; highlight_size=&#8220; border=&#8220; border_color=&#8220; radius=&#8217;0px&#8216; column_boxshadow=&#8220; column_boxshadow_color=&#8220; column_boxshadow_width=&#8217;10&#8216; background=&#8217;bg_color&#8216; background_color=&#8220; background_gradient_color1=&#8220; background_gradient_color2=&#8220; background_gradient_direction=&#8217;vertical&#8216; src=&#8220; background_position=&#8217;top left&#8216; background_repeat=&#8217;no-repeat&#8216; animation=&#8220; mobile_breaking=&#8220; mobile_display=&#8220; av_uid=&#8217;av-e1ihx&#8216;]<br \/>\n[av_image src=&#8217;https:\/\/staging.elternwerkstatt-hamburg.de\/ewh-test\/wp-content\/uploads\/2019\/05\/portrait_kerstin.jpg&#8216; attachment=&#8217;527&#8242; attachment_size=&#8217;full&#8216; align=&#8217;right&#8216; styling=&#8220; hover=&#8220; link=&#8220; target=&#8220; caption=&#8220; font_size=&#8220; appearance=&#8220; overlay_opacity=&#8217;0.4&#8242; overlay_color=&#8217;#000000&#8242; overlay_text_color=&#8217;#ffffff&#8216; copyright=&#8220; animation=&#8217;no-animation&#8216; av_uid=&#8217;av-jwbx3zel&#8216; admin_preview_bg=&#8220;][\/av_image]<br \/>\n[\/av_one_third]<\/p>\n<p>[av_section min_height=&#8220; min_height_px=&#8217;500px&#8216; padding=&#8217;default&#8216; shadow=&#8217;no-border-styling&#8216; bottom_border=&#8217;no-border-styling&#8216; bottom_border_diagonal_color=&#8217;#333333&#8242; bottom_border_diagonal_direction=&#8220; bottom_border_style=&#8220; custom_margin=&#8217;0px&#8216; custom_margin_sync=&#8217;true&#8216; custom_arrow_bg=&#8220; id=&#8220; color=&#8217;main_color&#8216; background=&#8217;bg_color&#8216; custom_bg=&#8217;#2c8787&#8242; background_gradient_color1=&#8220; background_gradient_color2=&#8220; background_gradient_direction=&#8217;vertical&#8216; src=&#8220; attachment=&#8220; attachment_size=&#8220; attach=&#8217;scroll&#8216; position=&#8217;top left&#8216; repeat=&#8217;no-repeat&#8216; video=&#8220; video_ratio=&#8217;16:9&#8242; overlay_opacity=&#8217;0.5&#8242; overlay_color=&#8220; overlay_pattern=&#8220; overlay_custom_pattern=&#8220; av_element_hidden_in_editor=&#8217;0&#8242; av_uid=&#8217;av-jwbz7txk&#8216;]<br \/>\n[av_one_half first min_height=&#8220; vertical_alignment=&#8217;av-align-top&#8216; space=&#8220; margin=&#8217;0px&#8216; margin_sync=&#8217;true&#8216; row_boxshadow_color=&#8220; row_boxshadow_width=&#8217;10&#8216; link=&#8220; linktarget=&#8220; link_hover=&#8220; padding=&#8217;2%&#8216; padding_sync=&#8217;true&#8216; highlight_size=&#8217;1.1&#8242; border=&#8220; border_color=&#8220; radius=&#8217;0&#8242; radius_sync=&#8217;true&#8216; column_boxshadow_color=&#8220; column_boxshadow_width=&#8217;10&#8216; background=&#8217;bg_color&#8216; background_color=&#8217;#ffffff&#8216; background_gradient_color1=&#8220; background_gradient_color2=&#8220; background_gradient_direction=&#8217;vertical&#8216; src=&#8220; attachment=&#8220; attachment_size=&#8220; background_position=&#8217;top left&#8216; background_repeat=&#8217;no-repeat&#8216; animation=&#8220; mobile_breaking=&#8220; mobile_display=&#8220; av_uid=&#8217;av-12scmn&#8216;]<\/p>\n<p>[av_heading heading=&#8217;Qualifikationen und Publikationen&#8216; tag=&#8217;h1&#8242; link_apply=&#8220; link=&#8217;manually,http:\/\/&#8216; link_target=&#8220; style=&#8217;blockquote modern-quote&#8216; size=&#8217;50&#8216; subheading_active=&#8220; subheading_size=&#8217;15&#8216; margin=&#8220; padding=&#8217;20&#8216; color=&#8220; custom_font=&#8220; custom_class=&#8220; admin_preview_bg=&#8220; av-desktop-hide=&#8220; av-medium-hide=&#8220; av-small-hide=&#8220; av-mini-hide=&#8220; av-medium-font-size-title=&#8220; av-small-font-size-title=&#8220; av-mini-font-size-title=&#8220; av-medium-font-size=&#8220; av-small-font-size=&#8220; av-mini-font-size=&#8220; av_uid=&#8217;av-okb2l&#8216;][\/av_heading]<\/p>\n<p>[av_textblock size=&#8220; font_color=&#8220; color=&#8220; av-medium-font-size=&#8220; av-small-font-size=&#8220; av-mini-font-size=&#8220; av_uid=&#8217;av-57bg31&#8242; admin_preview_bg=&#8220;]<\/p>\n<ul>\n<li>Weiterbildungsbeauftragte f\u00fcr Psychodrama \/ <a href=\"https:\/\/www.moreno-psychodrama.de\/\" target=\"_blank\" rel=\"noopener\">Moreno Institut Edenkoben<\/a> \/ \u00dcberlingen<\/li>\n<li>Systemische Integrative Paartherapeutin \/ Hans Jelluschek Institut Freiburg<\/li>\n<li>Lehrbeauftragte Universit\u00e4t Hamburg: Erziehungswissenschaften<\/li>\n<li>Systemische Supervisorin \/ Institut f\u00fcr Systemische Studien \/ Hamburg<\/li>\n<li>Monodrama Therapeutin \/ <a href=\"https:\/\/www.moreno-psychodrama.de\/\" target=\"_blank\" rel=\"noopener\">Moreno Institut Edenkoben<\/a> \/ \u00dcberlingen<\/li>\n<li>Resilienz-Trainerin \/ <a href=\"https:\/\/coreszon.com\/\" target=\"_blank\" rel=\"noopener\">Coreszon e.V.<\/a> c\/o Universit\u00e4tsklinikum \/ Hamburg-Eppendorf Hamburg<\/li>\n<li>Weiterbildung Systemische Sexualtherapeutin \/ IGST Heidelberg<\/li>\n<li>Sexualberaterin \/ pro familia e.V.<\/li>\n<li>Psychotherapeutin nach dem Heilpraktikergesetz Hamburg, VFP<\/li>\n<li>Systemischer Elterncoach \/ Institut f\u00fcr Fortbildung Weinheim<\/li>\n<li>Hamburger Basiscurriculum Jugend und Sucht \/ Universit\u00e4tsklinikum Hamburg<\/li>\n<li>Zertifizierte Kursleiterin Elternkurs: Starke Eltern \u2013 Starke Kinder\u00ae \/ Deutscher Kinderschutzbund e.V.<span class=\"Apple-converted-space\">\u00a0<\/span><\/li>\n<li>Team- und Organisationsentwicklung \/ <a href=\"https:\/\/www.moreno-psychodrama.de\/\" target=\"_blank\" rel=\"noopener\">Moreno Institut Stuttgart<\/a><\/li>\n<li>Psychodramaleiterin \/ <a href=\"https:\/\/www.moreno-psychodrama.de\/\" target=\"_blank\" rel=\"noopener\">Moreno Institut Stuttgart,<\/a> DFP<\/li>\n<li>Klientenzentrierte Gespr\u00e4chsf\u00fchrung nach C. Rogers \/ Akademie M\u00fcnster<\/li>\n<li>Diplom Sozialarbeiterin \/ FH M\u00fcnster<\/li>\n<\/ul>\n<p>[\/av_textblock]<\/p>\n<p>[\/av_one_half][av_one_half min_height=&#8220; vertical_alignment=&#8217;av-align-top&#8216; space=&#8220; margin=&#8217;0px&#8216; margin_sync=&#8217;true&#8216; row_boxshadow_color=&#8220; row_boxshadow_width=&#8217;10&#8216; link=&#8220; linktarget=&#8220; link_hover=&#8220; padding=&#8217;2%&#8216; padding_sync=&#8217;true&#8216; highlight_size=&#8217;1.1&#8242; border=&#8220; border_color=&#8220; radius=&#8217;0&#8242; radius_sync=&#8217;true&#8216; column_boxshadow_color=&#8220; column_boxshadow_width=&#8217;10&#8216; background=&#8217;bg_color&#8216; background_color=&#8217;#ffffff&#8216; background_gradient_color1=&#8220; background_gradient_color2=&#8220; background_gradient_direction=&#8217;vertical&#8216; src=&#8220; attachment=&#8220; attachment_size=&#8220; background_position=&#8217;top left&#8216; background_repeat=&#8217;no-repeat&#8216; animation=&#8220; mobile_breaking=&#8220; mobile_display=&#8220; av_uid=&#8217;av-12scmn&#8216;]<\/p>\n<p>[av_heading heading=&#8217;Mitgliedschaften&#8216; tag=&#8217;h1&#8242; link_apply=&#8220; link=&#8217;manually,http:\/\/&#8216; link_target=&#8220; style=&#8217;blockquote modern-quote&#8216; size=&#8217;50&#8216; subheading_active=&#8220; subheading_size=&#8217;15&#8216; margin=&#8220; padding=&#8217;20&#8216; color=&#8220; custom_font=&#8220; custom_class=&#8220; admin_preview_bg=&#8220; av-desktop-hide=&#8220; av-medium-hide=&#8220; av-small-hide=&#8220; av-mini-hide=&#8220; av-medium-font-size-title=&#8220; av-small-font-size-title=&#8220; av-mini-font-size-title=&#8220; av-medium-font-size=&#8220; av-small-font-size=&#8220; av-mini-font-size=&#8220; av_uid=&#8217;av-25cx1&#8242;][\/av_heading]<\/p>\n<p>[av_textblock size=&#8220; font_color=&#8220; color=&#8220; av-medium-font-size=&#8220; av-small-font-size=&#8220; av-mini-font-size=&#8220; av_uid=&#8217;av-57bg31&#8242; admin_preview_bg=&#8220;]<\/p>\n<ul>\n<li>VFP Verband Freier Psychotherapeuten e.V.<\/li>\n<li>DFP Deutscher Fachverband Psychodrama e.V.<\/li>\n<li>Coreszon e.V.<\/li>\n<li>Fine e.V.<\/li>\n<li>pro familia Hamburg e.V.<\/li>\n<li>Deutscher Kinderschutzbund e.V.<\/li>\n<li>Jugendsozialarbeit Schanzenviertel e.V.<\/li>\n<\/ul>\n<p>[\/av_textblock]<\/p>\n<p>[av_partner columns=&#8217;1&#8242; heading=&#8220; size=&#8217;medium&#8216; img_size_behave=&#8217;no_stretch&#8216; border=&#8217;av-border-deactivate&#8216; type=&#8217;grid&#8216; animation=&#8217;slide&#8216; navigation=&#8217;arrows&#8216; autoplay=&#8217;false&#8216; interval=&#8217;5&#8242; av_uid=&#8217;av-jwokc5s8&#8242;]<br \/>\n[av_partner_logo id=&#8217;873&#8242; hover=&#8217;Verband Freier Psychotherapeuten e.V.&#8216; link=&#8220; linktitle=&#8220; link_target=&#8220; av_uid=&#8217;av-jzahh&#8216;]<br \/>\n[av_partner_logo id=&#8220; hover=&#8220; link=&#8220; linktitle=&#8220; link_target=&#8220; av_uid=&#8217;av-etxn9&#8242;]<br \/>\n[av_partner_logo id=&#8217;870&#8242; hover=&#8217;Deutscher Fachverband f\u00fcr Psychodrama e.V.&#8216; link=&#8220; linktitle=&#8220; link_target=&#8220; av_uid=&#8217;av-eve45&#8242;]<br \/>\n[av_partner_logo id=&#8220; hover=&#8220; link=&#8220; linktitle=&#8220; link_target=&#8220; av_uid=&#8217;av-8ywf9&#8242;]<br \/>\n[av_partner_logo id=&#8217;1645&#8242; hover=&#8217;G\u00fctesiegel vom PME Familienservice&#8216; link=&#8220; linktitle=&#8220; link_target=&#8220; av_uid=&#8217;av-8viid&#8216;]<br \/>\n[\/av_partner]<\/p>\n<p>[\/av_one_half]<br \/>\n[\/av_section]<\/p>\n<p>[av_section min_height=&#8220; min_height_px=&#8217;500px&#8216; padding=&#8217;small&#8216; shadow=&#8217;no-border-styling&#8216; bottom_border=&#8217;no-border-styling&#8216; bottom_border_diagonal_color=&#8217;#333333&#8242; bottom_border_diagonal_direction=&#8220; bottom_border_style=&#8220; custom_margin=&#8217;0px&#8216; custom_margin_sync=&#8217;true&#8216; custom_arrow_bg=&#8220; id=&#8220; color=&#8217;alternate_color&#8216; background=&#8217;bg_color&#8216; custom_bg=&#8217;#000000&#8242; background_gradient_color1=&#8220; background_gradient_color2=&#8220; background_gradient_direction=&#8217;vertical&#8216; src=&#8220; attachment=&#8220; attachment_size=&#8220; attach=&#8217;fixed&#8216; position=&#8217;center center&#8216; repeat=&#8217;stretch&#8216; video=&#8220; video_ratio=&#8217;16:9&#8242; overlay_enable=&#8217;aviaTBoverlay_enable&#8216; overlay_opacity=&#8217;0.8&#8242; overlay_color=&#8217;#000000&#8242; overlay_pattern=&#8220; overlay_custom_pattern=&#8220; av_element_hidden_in_editor=&#8217;0&#8242; av_uid=&#8217;av-1fw7if&#8216;]<\/p>\n<p>[av_one_full first min_height=&#8220; vertical_alignment=&#8220; space=&#8220; custom_margin=&#8220; margin=&#8217;0px&#8216; padding=&#8217;0px&#8216; border=&#8220; border_color=&#8220; radius=&#8217;0px&#8216; background_color=&#8220; src=&#8220; background_position=&#8217;top left&#8216; background_repeat=&#8217;no-repeat&#8216; animation=&#8220; mobile_display=&#8220; av_uid=&#8217;av-12scmn&#8216;]<\/p>\n<p>[av_heading heading=&#8217;Kontakt&#8216; tag=&#8217;h1&#8242; link_apply=&#8220; link=&#8217;manually,http:\/\/&#8216; link_target=&#8220; style=&#8217;blockquote modern-quote modern-centered&#8216; size=&#8217;50&#8216; subheading_active=&#8220; subheading_size=&#8217;15&#8216; margin=&#8220; padding=&#8217;20&#8216; color=&#8217;custom-color-heading&#8216; custom_font=&#8217;#f7f7f7&#8242; custom_class=&#8220; admin_preview_bg=&#8220; av-desktop-hide=&#8220; av-medium-hide=&#8220; av-small-hide=&#8220; av-mini-hide=&#8220; av-medium-font-size-title=&#8220; av-small-font-size-title=&#8220; av-mini-font-size-title=&#8220; av-medium-font-size=&#8220; av-small-font-size=&#8220; av-mini-font-size=&#8220;][\/av_heading]<\/p>\n<p>[av_textblock size=&#8220; font_color=&#8220; color=&#8220; av-medium-font-size=&#8220; av-small-font-size=&#8220; av-mini-font-size=&#8220; av_uid=&#8217;av-r2fl3&#8242; admin_preview_bg=&#8220;]<\/p>\n<p style=\"text-align: center;\">Elternwerkstatt-Hamburg<br \/>\nKerstin Erl-Hegel<br \/>\nKirchentwiete 29 a<br \/>\n22765 Hamburg<br \/>\nTelefon: 0171 45 93 95 3<\/p>\n<p style=\"text-align: center;\">Ich freue mich sehr mit Ihnen ins Gespr\u00e4ch zu kommen. Gerne k\u00f6nnen Sie mir eine Nachricht mit Ihrem Namen und Ihrer Telefonnummer hinterlassen, ich rufe Sie schnellstm\u00f6glich zur\u00fcck. Oder Sie schicken mir eine Mail, das Kontaktformular finden Sie direkt unter dem Text im Button.<\/p>\n<p>[\/av_textblock]<\/p>\n<p>[av_hr class=&#8217;invisible&#8216; height=&#8217;20&#8216; shadow=&#8217;no-shadow&#8216; position=&#8217;center&#8216; custom_border=&#8217;av-border-thin&#8216; custom_width=&#8217;50px&#8216; custom_border_color=&#8220; custom_margin_top=&#8217;30px&#8216; custom_margin_bottom=&#8217;30px&#8216; icon_select=&#8217;yes&#8216; custom_icon_color=&#8220; icon=&#8217;ue808&#8242; font=&#8217;entypo-fontello&#8216; av_uid=&#8217;av-jwvzb&#8216;]<\/p>\n<p>[av_button label=&#8217;Kontakt&#8216; link=&#8217;page,255&#8242; link_target=&#8220; size=&#8217;large&#8216; position=&#8217;center&#8216; label_display=&#8220; icon_select=&#8217;yes-right-icon&#8216; icon_hover=&#8217;aviaTBicon_hover&#8216; icon=&#8217;ue879&#8242; font=&#8217;entypo-fontello&#8216; color=&#8217;light&#8216; custom_bg=&#8217;#444444&#8242; custom_font=&#8217;#ffffff&#8216; av_uid=&#8217;av-cr1kn&#8216; admin_preview_bg=&#8220;]<\/p>\n<p>[\/av_one_full][\/av_section]<\/p>\n","protected":false},"excerpt":{"rendered":"<p>[av_codeblock wrapper_element=&#8220; wrapper_element_attributes=&#8220; codeblock_type=&#8220; av_uid=&#8217;av-lvl15k88&#8242;] Termin online buchen [\/av_codeblock] [av_two_third first min_height=&#8220; vertical_alignment=&#8220; space=&#8220; custom_margin=&#8220; margin=&#8217;0px&#8216; row_boxshadow=&#8220; row_boxshadow_color=&#8220; row_boxshadow_width=&#8217;10&#8216; link=&#8220; linktarget=&#8220; link_hover=&#8220; padding=&#8217;0px&#8216; highlight=&#8220; highlight_size=&#8220; border=&#8220; border_color=&#8220; radius=&#8217;0px&#8216; column_boxshadow=&#8220; column_boxshadow_color=&#8220; column_boxshadow_width=&#8217;10&#8216; background=&#8217;bg_color&#8216; background_color=&#8220; background_gradient_color1=&#8220; background_gradient_color2=&#8220; background_gradient_direction=&#8217;vertical&#8216; src=&#8220; background_position=&#8217;top left&#8216; background_repeat=&#8217;no-repeat&#8216; animation=&#8220; mobile_breaking=&#8220; mobile_display=&#8220; av_uid=&#8217;av-e1ihx&#8216;] [av_heading heading=&#8217;Kerstin Erl-Hegel&#8216; tag=&#8217;h1&#8242; link_apply=&#8220; link=&#8217;manually,http:\/\/&#8216; link_target=&#8220; style=&#8217;blockquote modern-quote&#8216; size=&#8217;70&#8216; subheading_active=&#8220; [&hellip;]<\/p>\n","protected":false},"author":1,"featured_media":0,"parent":0,"menu_order":0,"comment_status":"closed","ping_status":"closed","template":"","meta":{"_et_pb_use_builder":"","_et_pb_old_content":"","_et_gb_content_width":"","footnotes":""},"class_list":["post-253","page","type-page","status-publish","hentry"],"_links":{"self":[{"href":"https:\/\/staging.elternwerkstatt-hamburg.de\/index.php?rest_route=\/wp\/v2\/pages\/253","targetHints":{"allow":["GET"]}}],"collection":[{"href":"https:\/\/staging.elternwerkstatt-hamburg.de\/index.php?rest_route=\/wp\/v2\/pages"}],"about":[{"href":"https:\/\/staging.elternwerkstatt-hamburg.de\/index.php?rest_route=\/wp\/v2\/types\/page"}],"author":[{"embeddable":true,"href":"https:\/\/staging.elternwerkstatt-hamburg.de\/index.php?rest_route=\/wp\/v2\/users\/1"}],"replies":[{"embeddable":true,"href":"https:\/\/staging.elternwerkstatt-hamburg.de\/index.php?rest_route=%2Fwp%2Fv2%2Fcomments&post=253"}],"version-history":[{"count":92,"href":"https:\/\/staging.elternwerkstatt-hamburg.de\/index.php?rest_route=\/wp\/v2\/pages\/253\/revisions"}],"predecessor-version":[{"id":1700,"href":"https:\/\/staging.elternwerkstatt-hamburg.de\/index.php?rest_route=\/wp\/v2\/pages\/253\/revisions\/1700"}],"wp:attachment":[{"href":"https:\/\/staging.elternwerkstatt-hamburg.de\/index.php?rest_route=%2Fwp%2Fv2%2Fmedia&parent=253"}],"curies":[{"name":"wp","href":"https:\/\/api.w.org\/{rel}","templated":true}]}}